{"id":30225,"date":"2024-09-11T13:07:46","date_gmt":"2024-09-11T19:07:46","guid":{"rendered":"https:\/\/www.cervezamexico.com\/cdmx\/?page_id=30225"},"modified":"2024-10-28T12:32:13","modified_gmt":"2024-10-28T18:32:13","slug":"salon-malta","status":"publish","type":"page","link":"https:\/\/www.cervezamexico.com\/cdmx\/congreso-expo-cerveza-mexico\/salon-malta\/","title":{"rendered":"Sal\u00f3n Malta"},"content":{"rendered":"<div class=\"wpb-content-wrapper\"><p>[vc_section full_width=&#8221;stretch_row&#8221; content_placement=&#8221;top&#8221; css_animation=&#8221;fadeInDown&#8221; css=&#8221;.vc_custom_1726078366963{margin-top: 15px !important;}&#8221;][vc_row css=&#8221;.vc_custom_1730140329895{margin-top: 10px !important;margin-bottom: 20px !important;}&#8221;][vc_column][vc_column_text css=&#8221;.vc_custom_1730140297400{margin-top: 0px !important;margin-bottom: 0px !important;}&#8221;]<\/p> <h2 style=\"text-align: center;\"><span style=\"color: #00335c;\"><strong>PR\u00d3XIMAMENTE M\u00c1S INFORMACI\u00d3N<\/strong><\/span><\/h2> <p>[\/vc_column_text][\/vc_column][\/vc_row][vc_row css=&#8221;.vc_custom_1727389836400{margin-bottom: 30px !important;}&#8221;][vc_column][vc_column_text]<\/p> <p class=\"whiteText\" style=\"text-align: center; background: #00325D; color: #fff; padding: 10px 20px; font-size: 25px; border-radius: 0px;\"><strong>INFORMES Y RESERVACIONES<\/strong><\/p> <p>[\/vc_column_text][vc_row_inner css=&#8221;.vc_custom_1727389826945{margin-top: 15px !important;}&#8221;][vc_column_inner width=&#8221;1\/3&#8243;][vc_single_image image=&#8221;30585&#8243; img_size=&#8221;130&#215;130&#8243; style=&#8221;vc_box_outline&#8221; border_color=&#8221;orange&#8221;][vc_column_text]<\/p> <p style=\"font-size: 20px; color: #e8bb00; line-height: 1.2; font-weight: 600; padding-bottom: 0;\"><span style=\"color: #fe6600;\">Raquel L\u00f3pez<\/span><\/p> <p style=\"font-size: 16px; color: #969696; line-height: 1;\"><strong><span style=\"color: #00325d;\">Coordinadora de Ventas, Conferencias y Grupos<\/span><\/strong><\/p> <p><img loading=\"lazy\" decoding=\"async\" class=\"size-full wp-image-10794\" src=\"https:\/\/www.expocafe.mx\/wp-content\/uploads\/2024\/02\/tel.png\" alt=\"\" width=\"15\" height=\"15\" \/> <strong style=\"font-size: 14px;\"><span style=\"color: #808080;\">5556044900 Ext 118<\/span><\/strong><br \/> <img loading=\"lazy\" decoding=\"async\" class=\"size-full wp-image-10794\" src=\"https:\/\/www.expocafe.mx\/wp-content\/uploads\/2024\/02\/ws-v.png\" alt=\"\" width=\"15\" height=\"15\" \/> <a href=\"https:\/\/wa.me\/5516790801\"><strong style=\"font-size: 14px;\"><span style=\"color: #808080;\">5516790801<\/span><\/strong><\/a><br \/> <img loading=\"lazy\" decoding=\"async\" class=\"size-full wp-image-10794\" src=\"https:\/\/www.expocafe.mx\/wp-content\/uploads\/2024\/02\/mail.png\" alt=\"\" width=\"15\" height=\"15\" \/> <a href=\"mailto:raquel@tradex.com.mx\"><strong style=\"font-size: 14px;\"><span style=\"color: #808080;\">raquel@tradex.com.mx<\/span><\/strong><\/a>[\/vc_column_text][\/vc_column_inner][vc_column_inner width=&#8221;1\/3&#8243;][vc_single_image image=&#8221;30592&#8243; img_size=&#8221;130&#215;130&#8243; style=&#8221;vc_box_outline&#8221; border_color=&#8221;orange&#8221;][vc_column_text]<\/p> <p style=\"font-size: 20px; color: #e8bb00; line-height: 1.2; font-weight: 600; padding-bottom: 0;\"><span style=\"color: #fe6600;\">Fernanda Ya\u00f1ez<\/span><\/p> <p style=\"font-size: 16px; color: #969696; line-height: 1;\"><strong><span style=\"color: #00325d;\">Representante de ventas telef\u00f3nicas<\/span><\/strong><\/p> <p><img loading=\"lazy\" decoding=\"async\" class=\"size-full wp-image-10794\" src=\"https:\/\/www.expocafe.mx\/wp-content\/uploads\/2024\/02\/tel.png\" alt=\"\" width=\"15\" height=\"15\" \/> <strong style=\"font-size: 14px;\"><span style=\"color: #808080;\">5556044900 Ext 119<\/span><\/strong><br \/> <img loading=\"lazy\" decoding=\"async\" class=\"size-full wp-image-10794\" src=\"https:\/\/www.expocafe.mx\/wp-content\/uploads\/2024\/02\/ws-v.png\" alt=\"\" width=\"15\" height=\"15\" \/> <a href=\"https:\/\/wa.me\/7201291199\"><strong style=\"font-size: 14px;\"><span style=\"color: #808080;\">7201291199<\/span><\/strong><\/a><br \/> <img loading=\"lazy\" decoding=\"async\" class=\"size-full wp-image-10794\" src=\"https:\/\/www.expocafe.mx\/wp-content\/uploads\/2024\/02\/mail.png\" alt=\"\" width=\"15\" height=\"15\" \/> <a href=\"mailto:mafer@tradex.com.mx\"><strong style=\"font-size: 14px;\"><span style=\"color: #808080;\">mafer@tradex.com.mx<\/span><\/strong><\/a>[\/vc_column_text][\/vc_column_inner][vc_column_inner width=&#8221;1\/3&#8243;][vc_single_image image=&#8221;30595&#8243; img_size=&#8221;130&#215;130&#8243; style=&#8221;vc_box_outline&#8221; border_color=&#8221;orange&#8221;][vc_column_text]<\/p> <p style=\"font-size: 20px; color: #e8bb00; line-height: 1.2; font-weight: 600; padding-bottom: 0;\"><span style=\"color: #fe6600;\">Nayeli Lama<\/span><\/p> <p style=\"font-size: 16px; color: #969696; line-height: 1;\"><strong><span style=\"color: #00325d;\">Representante de ventas telef\u00f3nicas<\/span><\/strong><\/p> <p><img loading=\"lazy\" decoding=\"async\" class=\"size-full wp-image-10794\" src=\"https:\/\/www.expocafe.mx\/wp-content\/uploads\/2024\/02\/tel.png\" alt=\"\" width=\"15\" height=\"15\" \/> <strong style=\"font-size: 14px;\"><span style=\"color: #808080;\">5556044900 Ext 139<\/span><\/strong><br \/> <img loading=\"lazy\" decoding=\"async\" class=\"size-full wp-image-10794\" src=\"https:\/\/www.expocafe.mx\/wp-content\/uploads\/2024\/02\/ws-v.png\" alt=\"\" width=\"15\" height=\"15\" \/> <a href=\"https:\/\/wa.me\/5574304172\"><strong style=\"font-size: 14px;\"><span style=\"color: #808080;\">5574304172<\/span><\/strong><\/a><br \/> <img loading=\"lazy\" decoding=\"async\" class=\"size-full wp-image-10794\" src=\"https:\/\/www.expocafe.mx\/wp-content\/uploads\/2024\/02\/mail.png\" alt=\"\" width=\"15\" height=\"15\" \/> <a href=\"mailto:nayeli@tradex.com.mx\"><strong style=\"font-size: 14px;\"><span style=\"color: #808080;\">nayeli@tradex.com.mx<\/span><\/strong><\/a>[\/vc_column_text][\/vc_column_inner][\/vc_row_inner][\/vc_column][\/vc_row][\/vc_section]<\/p> <\/div>","protected":false},"excerpt":{"rendered":"<p>[vc_section full_width=&#8221;stretch_row&#8221; content_placement=&#8221;top&#8221; css_animation=&#8221;fadeInDown&#8221; css=&#8221;.vc_custom_1726078366963{margin-top: 15px !important;}&#8221;][vc_row css=&#8221;.vc_custom_1730140329895{margin-top: 10px !important;margin-bottom: 20px !important;}&#8221;][vc_column][vc_column_text css=&#8221;.vc_custom_1730140297400{margin-top: 0px !important;margin-bottom: 0px !important;}&#8221;] PR\u00d3XIMAMENTE M\u00c1S INFORMACI\u00d3N [\/vc_column_text][\/vc_column][\/vc_row][vc_row css=&#8221;.vc_custom_1727389836400{margin-bottom: 30px !important;}&#8221;][vc_column][vc_column_text] INFORMES Y RESERVACIONES [\/vc_column_text][vc_row_inner css=&#8221;.vc_custom_1727389826945{margin-top: 15px !important;}&#8221;][vc_column_inner width=&#8221;1\/3&#8243;][vc_single_image image=&#8221;30585&#8243; img_size=&#8221;130&#215;130&#8243; style=&#8221;vc_box_outline&#8221; border_color=&#8221;orange&#8221;][vc_column_text] Raquel L\u00f3pez Coordinadora de Ventas, Conferencias y Grupos 5556044900 Ext&hellip;<\/p>\n","protected":false},"author":120,"featured_media":0,"parent":12693,"menu_order":0,"comment_status":"closed","ping_status":"closed","template":"","meta":{"_acf_changed":false,"inline_featured_image":false,"footnotes":""},"class_list":["post-30225","page","type-page","status-publish","hentry","last"],"acf":[],"yoast_head":"<!-- This site is optimized with the Yoast SEO plugin v27.4 - https:\/\/yoast.com\/product\/yoast-seo-wordpress\/ -->\n<title>Sal\u00f3n Malta - Cerveza M\u00e9xico<\/title>\n<meta name=\"robots\" content=\"index, follow, max-snippet:-1, max-image-preview:large, max-video-preview:-1\" \/>\n<link rel=\"canonical\" href=\"https:\/\/www.cervezamexico.com\/cdmx\/congreso-expo-cerveza-mexico\/salon-malta\/\" \/>\n<meta property=\"og:locale\" content=\"es_ES\" \/>\n<meta property=\"og:type\" content=\"article\" \/>\n<meta property=\"og:title\" content=\"Sal\u00f3n Malta - Cerveza M\u00e9xico\" \/>\n<meta property=\"og:description\" content=\"[vc_section full_width=&#8221;stretch_row&#8221; content_placement=&#8221;top&#8221; css_animation=&#8221;fadeInDown&#8221; css=&#8221;.vc_custom_1726078366963{margin-top: 15px !important;}&#8221;][vc_row css=&#8221;.vc_custom_1730140329895{margin-top: 10px !important;margin-bottom: 20px !important;}&#8221;][vc_column][vc_column_text css=&#8221;.vc_custom_1730140297400{margin-top: 0px !important;margin-bottom: 0px !important;}&#8221;] PR\u00d3XIMAMENTE M\u00c1S INFORMACI\u00d3N [\/vc_column_text][\/vc_column][\/vc_row][vc_row css=&#8221;.vc_custom_1727389836400{margin-bottom: 30px !important;}&#8221;][vc_column][vc_column_text] INFORMES Y RESERVACIONES [\/vc_column_text][vc_row_inner css=&#8221;.vc_custom_1727389826945{margin-top: 15px !important;}&#8221;][vc_column_inner width=&#8221;1\/3&#8243;][vc_single_image image=&#8221;30585&#8243; img_size=&#8221;130&#215;130&#8243; style=&#8221;vc_box_outline&#8221; border_color=&#8221;orange&#8221;][vc_column_text] Raquel L\u00f3pez Coordinadora de Ventas, Conferencias y Grupos 5556044900 Ext&hellip;\" \/>\n<meta property=\"og:url\" content=\"https:\/\/www.cervezamexico.com\/cdmx\/congreso-expo-cerveza-mexico\/salon-malta\/\" \/>\n<meta property=\"og:site_name\" content=\"Cerveza M\u00e9xico\" \/>\n<meta property=\"article:publisher\" content=\"https:\/\/www.facebook.com\/CervezaMexico\" \/>\n<meta property=\"article:modified_time\" content=\"2024-10-28T18:32:13+00:00\" \/>\n<meta name=\"twitter:card\" content=\"summary_large_image\" \/>\n<meta name=\"twitter:site\" content=\"@CervezaMexico\" \/>\n<meta name=\"twitter:label1\" content=\"Tiempo de lectura\" \/>\n\t<meta name=\"twitter:data1\" content=\"1 minuto\" \/>\n<script type=\"application\/ld+json\" class=\"yoast-schema-graph\">{\"@context\":\"https:\\\/\\\/schema.org\",\"@graph\":[{\"@type\":\"WebPage\",\"@id\":\"https:\\\/\\\/www.cervezamexico.com\\\/cdmx\\\/congreso-expo-cerveza-mexico\\\/salon-malta\\\/\",\"url\":\"https:\\\/\\\/www.cervezamexico.com\\\/cdmx\\\/congreso-expo-cerveza-mexico\\\/salon-malta\\\/\",\"name\":\"Sal\u00f3n Malta - Cerveza M\u00e9xico\",\"isPartOf\":{\"@id\":\"https:\\\/\\\/www.cervezamexico.com\\\/cdmx\\\/#website\"},\"primaryImageOfPage\":{\"@id\":\"https:\\\/\\\/www.cervezamexico.com\\\/cdmx\\\/congreso-expo-cerveza-mexico\\\/salon-malta\\\/#primaryimage\"},\"image\":{\"@id\":\"https:\\\/\\\/www.cervezamexico.com\\\/cdmx\\\/congreso-expo-cerveza-mexico\\\/salon-malta\\\/#primaryimage\"},\"thumbnailUrl\":\"https:\\\/\\\/www.expocafe.mx\\\/wp-content\\\/uploads\\\/2024\\\/02\\\/tel.png\",\"datePublished\":\"2024-09-11T19:07:46+00:00\",\"dateModified\":\"2024-10-28T18:32:13+00:00\",\"breadcrumb\":{\"@id\":\"https:\\\/\\\/www.cervezamexico.com\\\/cdmx\\\/congreso-expo-cerveza-mexico\\\/salon-malta\\\/#breadcrumb\"},\"inLanguage\":\"es\",\"potentialAction\":[{\"@type\":\"ReadAction\",\"target\":[\"https:\\\/\\\/www.cervezamexico.com\\\/cdmx\\\/congreso-expo-cerveza-mexico\\\/salon-malta\\\/\"]}]},{\"@type\":\"ImageObject\",\"inLanguage\":\"es\",\"@id\":\"https:\\\/\\\/www.cervezamexico.com\\\/cdmx\\\/congreso-expo-cerveza-mexico\\\/salon-malta\\\/#primaryimage\",\"url\":\"https:\\\/\\\/www.expocafe.mx\\\/wp-content\\\/uploads\\\/2024\\\/02\\\/tel.png\",\"contentUrl\":\"https:\\\/\\\/www.expocafe.mx\\\/wp-content\\\/uploads\\\/2024\\\/02\\\/tel.png\"},{\"@type\":\"BreadcrumbList\",\"@id\":\"https:\\\/\\\/www.cervezamexico.com\\\/cdmx\\\/congreso-expo-cerveza-mexico\\\/salon-malta\\\/#breadcrumb\",\"itemListElement\":[{\"@type\":\"ListItem\",\"position\":1,\"name\":\"Portada\",\"item\":\"https:\\\/\\\/www.cervezamexico.com\\\/cdmx\\\/\"},{\"@type\":\"ListItem\",\"position\":2,\"name\":\"Congreso:Mexicanos Hagamos Cerveza\",\"item\":\"https:\\\/\\\/www.cervezamexico.com\\\/cdmx\\\/congreso-expo-cerveza-mexico\\\/\"},{\"@type\":\"ListItem\",\"position\":3,\"name\":\"Sal\u00f3n Malta\"}]},{\"@type\":\"WebSite\",\"@id\":\"https:\\\/\\\/www.cervezamexico.com\\\/cdmx\\\/#website\",\"url\":\"https:\\\/\\\/www.cervezamexico.com\\\/cdmx\\\/\",\"name\":\"Cerveza M\u00e9xico\",\"description\":\"Expo Cerveza M\u00e9xico | Juntos por la Cerveza\",\"publisher\":{\"@id\":\"https:\\\/\\\/www.cervezamexico.com\\\/cdmx\\\/#organization\"},\"potentialAction\":[{\"@type\":\"SearchAction\",\"target\":{\"@type\":\"EntryPoint\",\"urlTemplate\":\"https:\\\/\\\/www.cervezamexico.com\\\/cdmx\\\/?s={search_term_string}\"},\"query-input\":{\"@type\":\"PropertyValueSpecification\",\"valueRequired\":true,\"valueName\":\"search_term_string\"}}],\"inLanguage\":\"es\"},{\"@type\":\"Organization\",\"@id\":\"https:\\\/\\\/www.cervezamexico.com\\\/cdmx\\\/#organization\",\"name\":\"Cerveza M\u00e9xico\",\"url\":\"https:\\\/\\\/www.cervezamexico.com\\\/cdmx\\\/\",\"logo\":{\"@type\":\"ImageObject\",\"inLanguage\":\"es\",\"@id\":\"https:\\\/\\\/www.cervezamexico.com\\\/cdmx\\\/#\\\/schema\\\/logo\\\/image\\\/\",\"url\":\"https:\\\/\\\/www.cervezamexico.com\\\/wp-content\\\/uploads\\\/2023\\\/02\\\/logo_web.png\",\"contentUrl\":\"https:\\\/\\\/www.cervezamexico.com\\\/wp-content\\\/uploads\\\/2023\\\/02\\\/logo_web.png\",\"width\":900,\"height\":900,\"caption\":\"Cerveza M\u00e9xico\"},\"image\":{\"@id\":\"https:\\\/\\\/www.cervezamexico.com\\\/cdmx\\\/#\\\/schema\\\/logo\\\/image\\\/\"},\"sameAs\":[\"https:\\\/\\\/www.facebook.com\\\/CervezaMexico\",\"https:\\\/\\\/x.com\\\/CervezaMexico\",\"https:\\\/\\\/www.instagram.com\\\/expo.cerveza\\\/\",\"https:\\\/\\\/www.tiktok.com\\\/@expocerveza\",\"https:\\\/\\\/www.youtube.com\\\/@cervezamexico669\"]}]}<\/script>\n<!-- \/ Yoast SEO plugin. -->","yoast_head_json":{"title":"Sal\u00f3n Malta - Cerveza M\u00e9xico","robots":{"index":"index","follow":"follow","max-snippet":"max-snippet:-1","max-image-preview":"max-image-preview:large","max-video-preview":"max-video-preview:-1"},"canonical":"https:\/\/www.cervezamexico.com\/cdmx\/congreso-expo-cerveza-mexico\/salon-malta\/","og_locale":"es_ES","og_type":"article","og_title":"Sal\u00f3n Malta - Cerveza M\u00e9xico","og_description":"[vc_section full_width=&#8221;stretch_row&#8221; content_placement=&#8221;top&#8221; css_animation=&#8221;fadeInDown&#8221; css=&#8221;.vc_custom_1726078366963{margin-top: 15px !important;}&#8221;][vc_row css=&#8221;.vc_custom_1730140329895{margin-top: 10px !important;margin-bottom: 20px !important;}&#8221;][vc_column][vc_column_text css=&#8221;.vc_custom_1730140297400{margin-top: 0px !important;margin-bottom: 0px !important;}&#8221;] PR\u00d3XIMAMENTE M\u00c1S INFORMACI\u00d3N [\/vc_column_text][\/vc_column][\/vc_row][vc_row css=&#8221;.vc_custom_1727389836400{margin-bottom: 30px !important;}&#8221;][vc_column][vc_column_text] INFORMES Y RESERVACIONES [\/vc_column_text][vc_row_inner css=&#8221;.vc_custom_1727389826945{margin-top: 15px !important;}&#8221;][vc_column_inner width=&#8221;1\/3&#8243;][vc_single_image image=&#8221;30585&#8243; img_size=&#8221;130&#215;130&#8243; style=&#8221;vc_box_outline&#8221; border_color=&#8221;orange&#8221;][vc_column_text] Raquel L\u00f3pez Coordinadora de Ventas, Conferencias y Grupos 5556044900 Ext&hellip;","og_url":"https:\/\/www.cervezamexico.com\/cdmx\/congreso-expo-cerveza-mexico\/salon-malta\/","og_site_name":"Cerveza M\u00e9xico","article_publisher":"https:\/\/www.facebook.com\/CervezaMexico","article_modified_time":"2024-10-28T18:32:13+00:00","twitter_card":"summary_large_image","twitter_site":"@CervezaMexico","twitter_misc":{"Tiempo de lectura":"1 minuto"},"schema":{"@context":"https:\/\/schema.org","@graph":[{"@type":"WebPage","@id":"https:\/\/www.cervezamexico.com\/cdmx\/congreso-expo-cerveza-mexico\/salon-malta\/","url":"https:\/\/www.cervezamexico.com\/cdmx\/congreso-expo-cerveza-mexico\/salon-malta\/","name":"Sal\u00f3n Malta - Cerveza M\u00e9xico","isPartOf":{"@id":"https:\/\/www.cervezamexico.com\/cdmx\/#website"},"primaryImageOfPage":{"@id":"https:\/\/www.cervezamexico.com\/cdmx\/congreso-expo-cerveza-mexico\/salon-malta\/#primaryimage"},"image":{"@id":"https:\/\/www.cervezamexico.com\/cdmx\/congreso-expo-cerveza-mexico\/salon-malta\/#primaryimage"},"thumbnailUrl":"https:\/\/www.expocafe.mx\/wp-content\/uploads\/2024\/02\/tel.png","datePublished":"2024-09-11T19:07:46+00:00","dateModified":"2024-10-28T18:32:13+00:00","breadcrumb":{"@id":"https:\/\/www.cervezamexico.com\/cdmx\/congreso-expo-cerveza-mexico\/salon-malta\/#breadcrumb"},"inLanguage":"es","potentialAction":[{"@type":"ReadAction","target":["https:\/\/www.cervezamexico.com\/cdmx\/congreso-expo-cerveza-mexico\/salon-malta\/"]}]},{"@type":"ImageObject","inLanguage":"es","@id":"https:\/\/www.cervezamexico.com\/cdmx\/congreso-expo-cerveza-mexico\/salon-malta\/#primaryimage","url":"https:\/\/www.expocafe.mx\/wp-content\/uploads\/2024\/02\/tel.png","contentUrl":"https:\/\/www.expocafe.mx\/wp-content\/uploads\/2024\/02\/tel.png"},{"@type":"BreadcrumbList","@id":"https:\/\/www.cervezamexico.com\/cdmx\/congreso-expo-cerveza-mexico\/salon-malta\/#breadcrumb","itemListElement":[{"@type":"ListItem","position":1,"name":"Portada","item":"https:\/\/www.cervezamexico.com\/cdmx\/"},{"@type":"ListItem","position":2,"name":"Congreso:Mexicanos Hagamos Cerveza","item":"https:\/\/www.cervezamexico.com\/cdmx\/congreso-expo-cerveza-mexico\/"},{"@type":"ListItem","position":3,"name":"Sal\u00f3n Malta"}]},{"@type":"WebSite","@id":"https:\/\/www.cervezamexico.com\/cdmx\/#website","url":"https:\/\/www.cervezamexico.com\/cdmx\/","name":"Cerveza M\u00e9xico","description":"Expo Cerveza M\u00e9xico | Juntos por la Cerveza","publisher":{"@id":"https:\/\/www.cervezamexico.com\/cdmx\/#organization"},"potentialAction":[{"@type":"SearchAction","target":{"@type":"EntryPoint","urlTemplate":"https:\/\/www.cervezamexico.com\/cdmx\/?s={search_term_string}"},"query-input":{"@type":"PropertyValueSpecification","valueRequired":true,"valueName":"search_term_string"}}],"inLanguage":"es"},{"@type":"Organization","@id":"https:\/\/www.cervezamexico.com\/cdmx\/#organization","name":"Cerveza M\u00e9xico","url":"https:\/\/www.cervezamexico.com\/cdmx\/","logo":{"@type":"ImageObject","inLanguage":"es","@id":"https:\/\/www.cervezamexico.com\/cdmx\/#\/schema\/logo\/image\/","url":"https:\/\/www.cervezamexico.com\/wp-content\/uploads\/2023\/02\/logo_web.png","contentUrl":"https:\/\/www.cervezamexico.com\/wp-content\/uploads\/2023\/02\/logo_web.png","width":900,"height":900,"caption":"Cerveza M\u00e9xico"},"image":{"@id":"https:\/\/www.cervezamexico.com\/cdmx\/#\/schema\/logo\/image\/"},"sameAs":["https:\/\/www.facebook.com\/CervezaMexico","https:\/\/x.com\/CervezaMexico","https:\/\/www.instagram.com\/expo.cerveza\/","https:\/\/www.tiktok.com\/@expocerveza","https:\/\/www.youtube.com\/@cervezamexico669"]}]}},"jetpack_sharing_enabled":true,"_links":{"self":[{"href":"https:\/\/www.cervezamexico.com\/cdmx\/wp-json\/wp\/v2\/pages\/30225","targetHints":{"allow":["GET"]}}],"collection":[{"href":"https:\/\/www.cervezamexico.com\/cdmx\/wp-json\/wp\/v2\/pages"}],"about":[{"href":"https:\/\/www.cervezamexico.com\/cdmx\/wp-json\/wp\/v2\/types\/page"}],"author":[{"embeddable":true,"href":"https:\/\/www.cervezamexico.com\/cdmx\/wp-json\/wp\/v2\/users\/120"}],"replies":[{"embeddable":true,"href":"https:\/\/www.cervezamexico.com\/cdmx\/wp-json\/wp\/v2\/comments?post=30225"}],"version-history":[{"count":0,"href":"https:\/\/www.cervezamexico.com\/cdmx\/wp-json\/wp\/v2\/pages\/30225\/revisions"}],"up":[{"embeddable":true,"href":"https:\/\/www.cervezamexico.com\/cdmx\/wp-json\/wp\/v2\/pages\/12693"}],"wp:attachment":[{"href":"https:\/\/www.cervezamexico.com\/cdmx\/wp-json\/wp\/v2\/media?parent=30225"}],"curies":[{"name":"wp","href":"https:\/\/api.w.org\/{rel}","templated":true}]}}